{"id":18111,"date":"2021-04-03T12:00:06","date_gmt":"2021-04-03T10:00:06","guid":{"rendered":"https:\/\/globale-literaturfestival.de\/decamerone\/"},"modified":"2023-07-26T12:26:25","modified_gmt":"2023-07-26T10:26:25","slug":"decamerone","status":"publish","type":"page","link":"https:\/\/globale-literaturfestival.de\/en\/decamerone\/","title":{"rendered":"Decamerone"},"content":{"rendered":"\t\t<div data-elementor-type=\"wp-page\" data-elementor-id=\"18111\" class=\"elementor elementor-18111 elementor-6928\" data-elementor-post-type=\"page\">\n\t\t\t\t\t\t<section data-particle_enable=\"false\" data-particle-mobile-disabled=\"false\" class=\"elementor-section elementor-top-section elementor-element elementor-element-4cf1ba75 elementor-section-full_width elementor-section-height-min-height elementor-section-content-middle elementor-section-height-default elementor-section-items-middle\" data-id=\"4cf1ba75\" data-element_type=\"section\" data-e-type=\"section\" data-settings=\"{&quot;background_background&quot;:&quot;classic&quot;}\">\n\t\t\t\t\t\t<div class=\"elementor-container elementor-column-gap-default\">\n\t\t\t\t\t<div class=\"elementor-column elementor-col-100 elementor-top-column elementor-element elementor-element-4155b3a5\" data-id=\"4155b3a5\" data-element_type=\"column\" data-e-type=\"column\">\n\t\t\t<div class=\"elementor-widget-wrap elementor-element-populated\">\n\t\t\t\t\t\t<div class=\"elementor-element elementor-element-7db40bcd elementor-widget elementor-widget-heading\" data-id=\"7db40bcd\" data-element_type=\"widget\" data-e-type=\"widget\" data-widget_type=\"heading.default\">\n\t\t\t\t<div class=\"elementor-widget-container\">\n\t\t\t\t\t<h1 class=\"elementor-heading-title elementor-size-default\">Decamerone globale\u00b0<\/h1>\t\t\t\t<\/div>\n\t\t\t\t<\/div>\n\t\t\t\t<div class=\"elementor-element elementor-element-79b73076 elementor-widget elementor-widget-spacer\" data-id=\"79b73076\" data-element_type=\"widget\" data-e-type=\"widget\" data-widget_type=\"spacer.default\">\n\t\t\t\t<div class=\"elementor-widget-container\">\n\t\t\t\t\t\t\t<div class=\"elementor-spacer\">\n\t\t\t<div class=\"elementor-spacer-inner\"><\/div>\n\t\t<\/div>\n\t\t\t\t\t\t<\/div>\n\t\t\t\t<\/div>\n\t\t\t\t\t<\/div>\n\t\t<\/div>\n\t\t\t\t\t<\/div>\n\t\t<\/section>\n\t\t\t\t<section data-particle_enable=\"false\" data-particle-mobile-disabled=\"false\" class=\"elementor-section elementor-top-section elementor-element elementor-element-6605ff24 elementor-section-full_width elementor-section-height-min-height elementor-section-items-top elementor-section-height-default\" data-id=\"6605ff24\" data-element_type=\"section\" data-e-type=\"section\" data-settings=\"{&quot;background_background&quot;:&quot;classic&quot;}\">\n\t\t\t\t\t\t<div class=\"elementor-container elementor-column-gap-default\">\n\t\t\t\t\t<div class=\"elementor-column elementor-col-50 elementor-top-column elementor-element elementor-element-48da0185 elementor-hidden-phone\" data-id=\"48da0185\" data-element_type=\"column\" data-e-type=\"column\">\n\t\t\t<div class=\"elementor-widget-wrap\">\n\t\t\t\t\t\t\t<\/div>\n\t\t<\/div>\n\t\t\t\t<div class=\"elementor-column elementor-col-50 elementor-top-column elementor-element elementor-element-105322b8\" data-id=\"105322b8\" data-element_type=\"column\" data-e-type=\"column\">\n\t\t\t<div class=\"elementor-widget-wrap elementor-element-populated\">\n\t\t\t\t\t\t<div class=\"elementor-element elementor-element-6bdb22b3 elementor-widget elementor-widget-text-editor\" data-id=\"6bdb22b3\" data-element_type=\"widget\" data-e-type=\"widget\" data-widget_type=\"text-editor.default\">\n\t\t\t\t<div class=\"elementor-widget-container\">\n\t\t\t\t\t\t\t\t\t<p style=\"text-align: right;\"><span class=\"aCOpRe\">\u00a9<\/span> photographer<\/p>\n\t\t\t\t\t\t\t\t<\/div>\n\t\t\t\t<\/div>\n\t\t\t\t\t<\/div>\n\t\t<\/div>\n\t\t\t\t\t<\/div>\n\t\t<\/section>\n\t\t\t\t<section data-particle_enable=\"false\" data-particle-mobile-disabled=\"false\" class=\"elementor-section elementor-top-section elementor-element elementor-element-4639811 elementor-section-boxed elementor-section-height-default elementor-section-height-default\" data-id=\"4639811\" data-element_type=\"section\" data-e-type=\"section\" data-settings=\"{&quot;background_background&quot;:&quot;classic&quot;}\">\n\t\t\t\t\t\t<div class=\"elementor-container elementor-column-gap-default\">\n\t\t\t\t\t<div class=\"elementor-column elementor-col-100 elementor-top-column elementor-element elementor-element-f340267\" data-id=\"f340267\" data-element_type=\"column\" data-e-type=\"column\">\n\t\t\t<div class=\"elementor-widget-wrap elementor-element-populated\">\n\t\t\t\t\t\t<div class=\"elementor-element elementor-element-77de07f8 elementor-widget elementor-widget-text-editor\" data-id=\"77de07f8\" data-element_type=\"widget\" data-e-type=\"widget\" data-widget_type=\"text-editor.default\">\n\t\t\t\t<div class=\"elementor-widget-container\">\n\t\t\t\t\t\t\t\t\t<p>In times of isolation, literature offers a place of inspiration and medium of cross-border communication. However, many authors find themselves in a precarious financial situation: new books cannot be promoted at readings and are difficult to buy.<\/p>\n<p><strong>Join us in supporting the global\u00b0 authors! <\/strong><\/p>\n<p>Transfer a voluntary donation to Globale\u00b0 e.V. We accept the money in trust and forward it. It is possible to receive a donation receipt if you also send us your address.<\/p>\n<p style=\"background-color: #47b58d; text-align: center;\">PayPal link:<br \/><a href=\"https:\/\/www.paypal.me\/globaleDecamerone\"><strong>paypal.me\/globalDecamerone<\/strong><\/a><\/p>\n<p>In the last 14 years, more than 200 authors from all over the world have participated in the Bremen literature festival globale\u00b0. We asked them if they would like to provide us with texts &#8211; whether read by themselves or by Theater Bremen actors, filmed or in written form. Under the title <strong>&#8220;Decamerone globale\u00b0 &#8211; literature in times of isolation&#8221;<\/strong> you can now listen to and read it.<\/p>\n<p><a href=\"http:\/\/globale-literaturfestival.de\/einleitung-earend-decamerone\/\">An introduction to the work of Giovanni Boccaccio &#8220;Il Decamerone&#8221;, which inspired our online project, can be found here!<\/a><\/p>\n\t\t\t\t\t\t\t\t<\/div>\n\t\t\t\t<\/div>\n\t\t\t\t\t<\/div>\n\t\t<\/div>\n\t\t\t\t\t<\/div>\n\t\t<\/section>\n\t\t\t\t<section data-particle_enable=\"false\" data-particle-mobile-disabled=\"false\" class=\"elementor-section elementor-top-section elementor-element elementor-element-00a63f3 elementor-section-boxed elementor-section-height-default elementor-section-height-default\" data-id=\"00a63f3\" data-element_type=\"section\" data-e-type=\"section\" data-settings=\"{&quot;background_background&quot;:&quot;classic&quot;}\">\n\t\t\t\t\t\t<div class=\"elementor-container elementor-column-gap-default\">\n\t\t\t\t\t<div class=\"elementor-column elementor-col-100 elementor-top-column elementor-element elementor-element-782f502\" data-id=\"782f502\" data-element_type=\"column\" data-e-type=\"column\">\n\t\t\t<div class=\"elementor-widget-wrap elementor-element-populated\">\n\t\t\t\t\t\t<div class=\"elementor-element elementor-element-079f455 elementor-widget elementor-widget-heading\" data-id=\"079f455\" data-element_type=\"widget\" data-e-type=\"widget\" data-widget_type=\"heading.default\">\n\t\t\t\t<div class=\"elementor-widget-container\">\n\t\t\t\t\t<h2 class=\"elementor-heading-title elementor-size-default\">The contributions<\/h2>\t\t\t\t<\/div>\n\t\t\t\t<\/div>\n\t\t\t\t<div class=\"elementor-element elementor-element-fe52c5b elementor-widget elementor-widget-text-editor\" data-id=\"fe52c5b\" data-element_type=\"widget\" data-e-type=\"widget\" data-widget_type=\"text-editor.default\">\n\t\t\t\t<div class=\"elementor-widget-container\">\n\t\t\t\t\t\t\t\t\t<p><div class=\"tmm tmm_decamerone-5\"><div class=\"tmm_3_columns tmm_wrap tmm_theme_f\"><span class=\"tmm_two_containers_tablet\"><\/span><div class=\"tmm_container\"><div class=\"tmm_member\" style=\"border-top:#ffffff solid 5px;\"><a target=\"_blank\" rel=\"noopener noreferrer\" href=\"https:\/\/youtu.be\/DIhisFa367U\" title=\"Belita  Andre\"><div class=\"tmm_photo tmm_pic_decamerone-5_0\" style=\"background: url(http:\/\/globale-literaturfestival.de\/wp-content\/uploads\/2020\/06\/IMG_9805.jpg); margin-left: auto; margin-right:auto; background-size:cover !important;\"><\/div><\/a><div class=\"tmm_textblock\"><div class=\"tmm_names\"><span class=\"tmm_fname\">Belita <\/span> <span class=\"tmm_lname\">Andre<\/span><\/div><div class=\"tmm_job\">Foto: Sibusiso Zulu \/\/ Titel: Readings of a mind of a Bushfire<\/div><div class=\"tmm_scblock\"><\/div><\/div><\/div><div class=\"tmm_member\" style=\"border-top:#ffffff solid 5px;\"><a target=\"_blank\" rel=\"noopener noreferrer\" href=\"https:\/\/www.youtube.com\/watch?v=9wXInhEw0kA&#038;feature=youtu.be\" title=\"Deniz  Utlu\"><div class=\"tmm_photo tmm_pic_decamerone-5_1\" style=\"background: url(https:\/\/globale-literaturfestival.de\/wp-content\/uploads\/2020\/11\/CzollekUtlu-5.jpg); margin-left: auto; margin-right:auto; background-size:cover !important;\"><\/div><\/a><div class=\"tmm_textblock\"><div class=\"tmm_names\"><span class=\"tmm_fname\">Deniz <\/span> <span class=\"tmm_lname\">Utlu<\/span><\/div><div class=\"tmm_job\">Foto: Suhrkamp Verlag \/\/ Titel: Gegen Morgen<\/div><div class=\"tmm_scblock\"><\/div><\/div><\/div><span class=\"tmm_two_containers_tablet\"><\/span><div class=\"tmm_member\" style=\"border-top:#ffffff solid 5px;\"><a target=\"_blank\" rel=\"noopener noreferrer\" href=\"https:\/\/www.youtube.com\/watch?v=1NusMFfOc2s&#038;feature=youtu.be\" title=\"Thandi  Sebe\"><div class=\"tmm_photo tmm_pic_decamerone-5_2\" style=\"background: url(https:\/\/globale-literaturfestival.de\/wp-content\/uploads\/2020\/06\/1199971.entity.jpg); margin-left: auto; margin-right:auto; background-size:cover !important;\"><\/div><\/a><div class=\"tmm_textblock\"><div class=\"tmm_names\"><span class=\"tmm_fname\">Thandi <\/span> <span class=\"tmm_lname\">Sebe<\/span><\/div><div class=\"tmm_job\">Foto: Naima Sebe \/\/ Titel: I am from Everywhere<\/div><div class=\"tmm_scblock\"><\/div><\/div><\/div><div style=\"clear:both;\"><\/div><\/div><\/div><\/div><\/p>\n\t\t\t\t\t\t\t\t<\/div>\n\t\t\t\t<\/div>\n\t\t\t\t\t<\/div>\n\t\t<\/div>\n\t\t\t\t\t<\/div>\n\t\t<\/section>\n\t\t\t\t<section data-particle_enable=\"false\" data-particle-mobile-disabled=\"false\" class=\"elementor-section elementor-top-section elementor-element elementor-element-079b02d elementor-section-boxed elementor-section-height-default elementor-section-height-default\" data-id=\"079b02d\" data-element_type=\"section\" data-e-type=\"section\" data-settings=\"{&quot;background_background&quot;:&quot;classic&quot;}\">\n\t\t\t\t\t\t<div class=\"elementor-container elementor-column-gap-default\">\n\t\t\t\t\t<div class=\"elementor-column elementor-col-100 elementor-top-column elementor-element elementor-element-21e4174\" data-id=\"21e4174\" data-element_type=\"column\" data-e-type=\"column\">\n\t\t\t<div class=\"elementor-widget-wrap elementor-element-populated\">\n\t\t\t\t\t\t<div class=\"elementor-element elementor-element-74b7894 elementor-widget elementor-widget-text-editor\" data-id=\"74b7894\" data-element_type=\"widget\" data-e-type=\"widget\" data-widget_type=\"text-editor.default\">\n\t\t\t\t<div class=\"elementor-widget-container\">\n\t\t\t\t\t\t\t\t\t<p><div class=\"tmm tmm_decamerone-4\"><div class=\"tmm_3_columns tmm_wrap tmm_theme_f\"><span class=\"tmm_two_containers_tablet\"><\/span><div class=\"tmm_container\"><div class=\"tmm_member\" style=\"border-top:#ffffff solid 5px;\"><a target=\"_blank\" rel=\"noopener noreferrer\" href=\"https:\/\/www.youtube.com\/watch?v=NRV1zUF8GzI&#038;feature=youtu.be\" title=\"Jarom\u00edr  Typlt\"><div class=\"tmm_photo tmm_pic_decamerone-4_0\" style=\"background: url(http:\/\/globale-literaturfestival.de\/wp-content\/uploads\/2020\/04\/Apolena-Typltov\u00e1.jpg); margin-left: auto; margin-right:auto; background-size:cover !important;\"><\/div><\/a><div class=\"tmm_textblock\"><div class=\"tmm_names\"><span class=\"tmm_fname\">Jarom\u00edr <\/span> <span class=\"tmm_lname\">Typlt<\/span><\/div><div class=\"tmm_job\">Foto: Apolena Typltov\u00e1 \/\/ Titel: Eine Schau<\/div><div class=\"tmm_scblock\"><\/div><\/div><\/div><div class=\"tmm_member\" style=\"border-top:#ffffff solid 5px;\"><a target=\"_blank\" rel=\"noopener noreferrer\" href=\"https:\/\/www.youtube.com\/watch?v=Dsp9kVrmkSM&#038;feature=youtu.be\" title=\"Stanis\u0142aw Strasburger\"><div class=\"tmm_photo tmm_pic_decamerone-4_1\" style=\"background: url(https:\/\/globale-literaturfestival.de\/wp-content\/uploads\/2018\/11\/IMG_0546-e1638542878769.jpg); margin-left: auto; margin-right:auto; background-size:cover !important;\"><\/div><\/a><div class=\"tmm_textblock\"><div class=\"tmm_names\"><span class=\"tmm_fname\">Stanis\u0142aw<\/span> <span class=\"tmm_lname\">Strasburger<\/span><\/div><div class=\"tmm_job\">Foto: Mathias Bothor \/\/ Titel: Der Geschichtenh\u00e4ndler oder der Wettkampf der Dichter<\/div><div class=\"tmm_scblock\"><\/div><\/div><\/div><span class=\"tmm_two_containers_tablet\"><\/span><div class=\"tmm_member\" style=\"border-top:#ffffff solid 5px;\"><a target=\"_blank\" rel=\"noopener noreferrer\" href=\"https:\/\/www.youtube.com\/watch?v=p9GepEF6SGg&#038;feature=youtu.be\" title=\"Tanja Langer\"><div class=\"tmm_photo tmm_pic_decamerone-4_2\" style=\"background: url(http:\/\/globale-literaturfestival.de\/wp-content\/uploads\/2019\/09\/Langer_Tanja-01-\u00a9-MICHELE-CORLEONE-1.jpg); margin-left: auto; margin-right:auto; background-size:cover !important;\"><\/div><\/a><div class=\"tmm_textblock\"><div class=\"tmm_names\"><span class=\"tmm_fname\">Tanja<\/span> <span class=\"tmm_lname\">Langer<\/span><\/div><div class=\"tmm_job\">Foto: Michele Corleone \/\/ Titel: Madame L\u00e9zard will Liebe<\/div><div class=\"tmm_scblock\"><\/div><\/div><\/div><\/div><span class=\"tmm_columns_containers_desktop\"><\/span><div class=\"tmm_container\"><div class=\"tmm_member\" style=\"border-top:#ffffff solid 5px;\"><a target=\"_blank\" rel=\"noopener noreferrer\" href=\"https:\/\/www.youtube.com\/watch?v=zLWLGQbEbus&#038;feature=youtu.be\" title=\"Temye  Tesfu\"><div class=\"tmm_photo tmm_pic_decamerone-4_3\" style=\"background: url(https:\/\/globale-literaturfestival.de\/wp-content\/uploads\/2020\/04\/Temye_Tesfu_C_Valerio_Moser-e1627308283332.jpeg); margin-left: auto; margin-right:auto; background-size:cover !important;\"><\/div><\/a><div class=\"tmm_textblock\"><div class=\"tmm_names\"><span class=\"tmm_fname\">Temye <\/span> <span class=\"tmm_lname\">Tesfu<\/span><\/div><div class=\"tmm_job\">Foto: Valerio Moser    \/\/   Titel: polkappenrequiem<\/div><div class=\"tmm_scblock\"><\/div><\/div><\/div><span class=\"tmm_two_containers_tablet\"><\/span><div class=\"tmm_member\" style=\"border-top:#ffffff solid 5px;\"><a target=\"_blank\" rel=\"noopener noreferrer\" href=\"https:\/\/www.youtube.com\/watch?v=Ah6rP42OAtQ&#038;feature=youtu.be\" title=\"Doan Bui\"><div class=\"tmm_photo tmm_pic_decamerone-4_4\" style=\"background: url(https:\/\/globale-literaturfestival.de\/wp-content\/uploads\/2020\/04\/livre.doan-bui-sort-le-silence-de-mon-pere-ce-mercredi.jpg); margin-left: auto; margin-right:auto; background-size:cover !important;\"><\/div><\/a><div class=\"tmm_textblock\"><div class=\"tmm_names\"><span class=\"tmm_fname\">Doan<\/span> <span class=\"tmm_lname\">Bui<\/span><\/div><div class=\"tmm_job\">Foto: Privat \/\/ Titel: Nha\/La maison<\/div><div class=\"tmm_scblock\"><\/div><\/div><\/div><div class=\"tmm_member\" style=\"border-top:#ffffff solid 5px;\"><a target=\"_blank\" rel=\"noopener noreferrer\" href=\"http:\/\/globale-literaturfestival.de\/decamerone-doma\/\" title=\"Akos Doma\"><div class=\"tmm_photo tmm_pic_decamerone-4_5\" style=\"background: url(https:\/\/globale-literaturfestival.de\/wp-content\/uploads\/2020\/04\/doma_01-scaled.jpg); margin-left: auto; margin-right:auto; background-size:cover !important;\"><\/div><\/a><div class=\"tmm_textblock\"><div class=\"tmm_names\"><span class=\"tmm_fname\">Akos<\/span> <span class=\"tmm_lname\">Doma<\/span><\/div><div class=\"tmm_job\">Foto: Elisabeth Rummel \/\/ Titel: Vorbei<\/div><div class=\"tmm_scblock\"><\/div><\/div><\/div><div style=\"clear:both;\"><\/div><\/div><\/div><\/div><\/p>\n\t\t\t\t\t\t\t\t<\/div>\n\t\t\t\t<\/div>\n\t\t\t\t\t<\/div>\n\t\t<\/div>\n\t\t\t\t\t<\/div>\n\t\t<\/section>\n\t\t\t\t<section data-particle_enable=\"false\" data-particle-mobile-disabled=\"false\" class=\"elementor-section elementor-top-section elementor-element elementor-element-c78dc8b elementor-section-boxed elementor-section-height-default elementor-section-height-default\" data-id=\"c78dc8b\" data-element_type=\"section\" data-e-type=\"section\" data-settings=\"{&quot;background_background&quot;:&quot;classic&quot;}\">\n\t\t\t\t\t\t<div class=\"elementor-container elementor-column-gap-default\">\n\t\t\t\t\t<div class=\"elementor-column elementor-col-100 elementor-top-column elementor-element elementor-element-d37823d\" data-id=\"d37823d\" data-element_type=\"column\" data-e-type=\"column\">\n\t\t\t<div class=\"elementor-widget-wrap elementor-element-populated\">\n\t\t\t\t\t\t<div class=\"elementor-element elementor-element-59498e6 elementor-widget elementor-widget-text-editor\" data-id=\"59498e6\" data-element_type=\"widget\" data-e-type=\"widget\" data-widget_type=\"text-editor.default\">\n\t\t\t\t<div class=\"elementor-widget-container\">\n\t\t\t\t\t\t\t\t\t<p><div class=\"tmm tmm_decamerone-3\"><div class=\"tmm_3_columns tmm_wrap tmm_theme_f\"><span class=\"tmm_two_containers_tablet\"><\/span><div class=\"tmm_container\"><div class=\"tmm_member\" style=\"border-top:#ffffff solid 5px;\"><a target=\"_blank\" rel=\"noopener noreferrer\" href=\"https:\/\/www.youtube.com\/watch?v=BEU_8xn4H8w&#038;feature=youtu.be\" title=\"Nisrine  Mbarki\"><div class=\"tmm_photo tmm_pic_decamerone-3_0\" style=\"background: url(http:\/\/globale-literaturfestival.de\/wp-content\/uploads\/2020\/04\/Portret-Nisrine-Mbarki-1.jpg); margin-left: auto; margin-right:auto; background-size:cover !important;\"><\/div><\/a><div class=\"tmm_textblock\"><div class=\"tmm_names\"><span class=\"tmm_fname\">Nisrine <\/span> <span class=\"tmm_lname\">Mbarki<\/span><\/div><div class=\"tmm_job\">Foto: Bart Grietens \/\/ Titel: Matrice <\/div><div class=\"tmm_scblock\"><\/div><\/div><\/div><div class=\"tmm_member\" style=\"border-top:#ffffff solid 5px;\"><a target=\"_blank\" rel=\"noopener noreferrer\" href=\"http:\/\/globale-literaturfestival.de\/decamerone-dinic\/\" title=\"Marko Dini\u0107\"><div class=\"tmm_photo tmm_pic_decamerone-3_1\" style=\"background: url(https:\/\/globale-literaturfestival.de\/wp-content\/uploads\/2020\/04\/image_preview.jpg); margin-left: auto; margin-right:auto; background-size:cover !important;\"><\/div><\/a><div class=\"tmm_textblock\"><div class=\"tmm_names\"><span class=\"tmm_fname\">Marko<\/span> <span class=\"tmm_lname\">Dini\u0107<\/span><\/div><div class=\"tmm_job\">Foto: Mark Prohaska \/\/ Titel: Ivan Ras oder sein Antrag<\/div><div class=\"tmm_scblock\"><\/div><\/div><\/div><span class=\"tmm_two_containers_tablet\"><\/span><div class=\"tmm_member\" style=\"border-top:#ffffff solid 5px;\"><a target=\"_blank\" rel=\"noopener noreferrer\" href=\"https:\/\/www.youtube.com\/watch?v=prDP7M39nIw&#038;feature=youtu.be\" title=\"Kl\u00e1ra  Vlas\u00e1kov\u00e1\"><div class=\"tmm_photo tmm_pic_decamerone-3_2\" style=\"background: url(https:\/\/globale-literaturfestival.de\/wp-content\/uploads\/2020\/04\/1542.jpg); margin-left: auto; margin-right:auto; background-size:cover !important;\"><\/div><\/a><div class=\"tmm_textblock\"><div class=\"tmm_names\"><span class=\"tmm_fname\">Kl\u00e1ra <\/span> <span class=\"tmm_lname\">Vlas\u00e1kov\u00e1<\/span><\/div><div class=\"tmm_job\">Foto: Ond\u0159ej Lip\u00e1r \/\/ Titel: Praskliny<\/div><div class=\"tmm_scblock\"><\/div><\/div><\/div><\/div><span class=\"tmm_columns_containers_desktop\"><\/span><div class=\"tmm_container\"><div class=\"tmm_member\" style=\"border-top:#ffffff solid 5px;\"><a target=\"_blank\" rel=\"noopener noreferrer\" href=\"http:\/\/globale-literaturfestival.de\/decamerone-hvorecky\/\" title=\"Michal Hvorecky\"><div class=\"tmm_photo tmm_pic_decamerone-3_3\" style=\"background: url(https:\/\/globale-literaturfestival.de\/wp-content\/uploads\/2018\/11\/IMG_1205.jpg); margin-left: auto; margin-right:auto; background-size:cover !important;\"><\/div><\/a><div class=\"tmm_textblock\"><div class=\"tmm_names\"><span class=\"tmm_fname\">Michal<\/span> <span class=\"tmm_lname\">Hvorecky<\/span><\/div><div class=\"tmm_job\">Foto: Privat \/\/ Titel: Intimabstand. Neun Jahre nach Corona. Eine Dystopie<\/div><div class=\"tmm_scblock\"><\/div><\/div><\/div><span class=\"tmm_two_containers_tablet\"><\/span><div class=\"tmm_member\" style=\"border-top:#ffffff solid 5px;\"><a target=\"_blank\" rel=\"noopener noreferrer\" href=\"http:\/\/globale-literaturfestival.de\/decamerone-veremej\/\" title=\"Nellja  Veremej\"><div class=\"tmm_photo tmm_pic_decamerone-3_4\" style=\"background: url(https:\/\/globale-literaturfestival.de\/wp-content\/uploads\/2020\/04\/2-format43.jpg); margin-left: auto; margin-right:auto; background-size:cover !important;\"><\/div><\/a><div class=\"tmm_textblock\"><div class=\"tmm_names\"><span class=\"tmm_fname\">Nellja <\/span> <span class=\"tmm_lname\">Veremej<\/span><\/div><div class=\"tmm_job\">Foto: Alla Caricina \/\/ Titel: Haus des Lehrers<\/div><div class=\"tmm_scblock\"><\/div><\/div><\/div><div style=\"clear:both;\"><\/div><\/div><\/div><\/div><\/p>\n\t\t\t\t\t\t\t\t<\/div>\n\t\t\t\t<\/div>\n\t\t\t\t\t<\/div>\n\t\t<\/div>\n\t\t\t\t\t<\/div>\n\t\t<\/section>\n\t\t\t\t<section data-particle_enable=\"false\" data-particle-mobile-disabled=\"false\" class=\"elementor-section elementor-top-section elementor-element elementor-element-07e0f8f elementor-section-boxed elementor-section-height-default elementor-section-height-default\" data-id=\"07e0f8f\" data-element_type=\"section\" data-e-type=\"section\" data-settings=\"{&quot;background_background&quot;:&quot;classic&quot;}\">\n\t\t\t\t\t\t<div class=\"elementor-container elementor-column-gap-default\">\n\t\t\t\t\t<div class=\"elementor-column elementor-col-100 elementor-top-column elementor-element elementor-element-fa0c012\" data-id=\"fa0c012\" data-element_type=\"column\" data-e-type=\"column\">\n\t\t\t<div class=\"elementor-widget-wrap elementor-element-populated\">\n\t\t\t\t\t\t<div class=\"elementor-element elementor-element-cd5a8f3 elementor-widget elementor-widget-text-editor\" data-id=\"cd5a8f3\" data-element_type=\"widget\" data-e-type=\"widget\" data-widget_type=\"text-editor.default\">\n\t\t\t\t<div class=\"elementor-widget-container\">\n\t\t\t\t\t\t\t\t\t<p><div class=\"tmm tmm_decamerone-2\"><div class=\"tmm_3_columns tmm_wrap tmm_theme_f\"><span class=\"tmm_two_containers_tablet\"><\/span><div class=\"tmm_container\"><div class=\"tmm_member\" style=\"border-top:#ffffff solid 5px;\"><a target=\"_blank\" rel=\"noopener noreferrer\" href=\"https:\/\/www.youtube.com\/watch?v=maacUhal2gk&#038;feature=youtu.be\" title=\"Louis-Philippe  Dalembert\"><div class=\"tmm_photo tmm_pic_decamerone-2_0\" style=\"background: url(https:\/\/globale-literaturfestival.de\/wp-content\/uploads\/2020\/04\/Louis-PhilippeDalembert\u00a9OlivierDion.jpg); margin-left: auto; margin-right:auto; background-size:cover !important;\"><\/div><\/a><div class=\"tmm_textblock\"><div class=\"tmm_names\"><span class=\"tmm_fname\">Louis-Philippe <\/span> <span class=\"tmm_lname\">Dalembert<\/span><\/div><div class=\"tmm_job\">Foto: Privat \/\/ Titel: p\u00e9r\u00e9grination<\/div><div class=\"tmm_scblock\"><\/div><\/div><\/div><div class=\"tmm_member\" style=\"border-top:#ffffff solid 5px;\"><a target=\"_blank\" rel=\"noopener noreferrer\" href=\"https:\/\/youtu.be\/XdfGJc-9x34\" title=\"Ian Watson\"><div class=\"tmm_photo tmm_pic_decamerone-2_1\" style=\"background: url(https:\/\/globale-literaturfestival.de\/wp-content\/uploads\/2020\/04\/csm_Watson_Ian_c_Carmen-Simon-Fernandez_800x591_0de339e65e.jpg); margin-left: auto; margin-right:auto; background-size:cover !important;\"><\/div><\/a><div class=\"tmm_textblock\"><div class=\"tmm_names\"><span class=\"tmm_fname\">Ian<\/span> <span class=\"tmm_lname\">Watson<\/span><\/div><div class=\"tmm_job\">Foto: Trish P. Schultz \/\/ Bremen erlesen und Gedichte<\/div><div class=\"tmm_scblock\"><\/div><\/div><\/div><span class=\"tmm_two_containers_tablet\"><\/span><div class=\"tmm_member\" style=\"border-top:#ffffff solid 5px;\"><a target=\"_blank\" rel=\"noopener noreferrer\" href=\"https:\/\/www.youtube.com\/watch?v=dFPMzUDMqjM&#038;feature=youtu.be\" title=\"Dilek G\u00fcng\u00f6r\"><div class=\"tmm_photo tmm_pic_decamerone-2_2\" style=\"background: url(http:\/\/globale-literaturfestival.de\/wp-content\/uploads\/2019\/11\/Dilek_G\u00fcng\u00f6r@globale_2019-6.jpg); margin-left: auto; margin-right:auto; background-size:cover !important;\"><\/div><\/a><div class=\"tmm_textblock\"><div class=\"tmm_names\"><span class=\"tmm_fname\">Dilek<\/span> <span class=\"tmm_lname\">G\u00fcng\u00f6r<\/span><\/div><div class=\"tmm_job\">Foto: Matej Meza \/\/ Titel: Ich bin \u00d6zlem<\/div><div class=\"tmm_scblock\"><\/div><\/div><\/div><\/div><span class=\"tmm_columns_containers_desktop\"><\/span><div class=\"tmm_container\"><div class=\"tmm_member\" style=\"border-top:#ffffff solid 5px;\"><a target=\"_blank\" rel=\"noopener noreferrer\" href=\"https:\/\/www.youtube.com\/watch?v=aJ6RKpdjYlQ&#038;feature=youtu.be\" title=\"Ond\u0159ej   Cik\u00e1n\"><div class=\"tmm_photo tmm_pic_decamerone-2_3\" style=\"background: url(https:\/\/globale-literaturfestival.de\/wp-content\/uploads\/2020\/04\/ondrej_cikan_photoyorksander.jpg); margin-left: auto; margin-right:auto; background-size:cover !important;\"><\/div><\/a><div class=\"tmm_textblock\"><div class=\"tmm_names\"><span class=\"tmm_fname\">Ond\u0159ej <\/span> <span class=\"tmm_lname\"> Cik\u00e1n<\/span><\/div><div class=\"tmm_job\">Foto: York Sander \/\/ Titel: Margot<\/div><div class=\"tmm_scblock\"><\/div><\/div><\/div><span class=\"tmm_two_containers_tablet\"><\/span><div class=\"tmm_member\" style=\"border-top:#ffffff solid 5px;\"><a target=\"_blank\" rel=\"noopener noreferrer\" href=\"http:\/\/globale-literaturfestival.de\/decamerone-velikic\/\" title=\"Dragan Veliki\u0107\"><div class=\"tmm_photo tmm_pic_decamerone-2_4\" style=\"background: url(https:\/\/globale-literaturfestival.de\/wp-content\/uploads\/2020\/04\/Velikic_Dragan_cMIKOVAN-MILENKOVIC_hf.jpg); margin-left: auto; margin-right:auto; background-size:cover !important;\"><\/div><\/a><div class=\"tmm_textblock\"><div class=\"tmm_names\"><span class=\"tmm_fname\">Dragan<\/span> <span class=\"tmm_lname\">Veliki\u0107<\/span><\/div><div class=\"tmm_job\">Foto: Milovan Milenkovi\u0107 \/\/ Titel: F45<\/div><div class=\"tmm_scblock\"><\/div><\/div><\/div><div class=\"tmm_member\" style=\"border-top:#ffffff solid 5px;\"><a target=\"_blank\" rel=\"noopener noreferrer\" href=\"http:\/\/globale-literaturfestival.de\/decamerone-abboud\/\" title=\"Hamed Abboud\"><div class=\"tmm_photo tmm_pic_decamerone-2_5\" style=\"background: url(https:\/\/globale-literaturfestival.de\/wp-content\/uploads\/2020\/04\/hamed_abboud.jpg); margin-left: auto; margin-right:auto; background-size:cover !important;\"><\/div><\/a><div class=\"tmm_textblock\"><div class=\"tmm_names\"><span class=\"tmm_fname\">Hamed<\/span> <span class=\"tmm_lname\">Abboud<\/span><\/div><div class=\"tmm_job\">Foto: Nina Oberleitner \/\/ Titel:  Ich und meine Wurzeln<\/div><div class=\"tmm_scblock\"><\/div><\/div><\/div><span class=\"tmm_two_containers_tablet\"><\/span><\/div><span class=\"tmm_columns_containers_desktop\"><\/span><div class=\"tmm_container\"><div class=\"tmm_member\" style=\"border-top:#ffffff solid 5px;\"><a target=\"_blank\" rel=\"noopener noreferrer\" href=\"http:\/\/globale-literaturfestival.de\/decamerone-rakusa\/\" title=\"Ilma  Rakusa\"><div class=\"tmm_photo tmm_pic_decamerone-2_6\" style=\"background: url(https:\/\/globale-literaturfestival.de\/wp-content\/uploads\/2020\/04\/ilma_rakusa-350x350-1.jpg); margin-left: auto; margin-right:auto; background-size:cover !important;\"><\/div><\/a><div class=\"tmm_textblock\"><div class=\"tmm_names\"><span class=\"tmm_fname\">Ilma <\/span> <span class=\"tmm_lname\">Rakusa<\/span><\/div><div class=\"tmm_job\">Foto: Giorgio von Arb \/\/ Zwei Erz\u00e4hlungen<\/div><div class=\"tmm_scblock\"><\/div><\/div><\/div><div class=\"tmm_member\" style=\"border-top:#ffffff solid 5px;\"><a target=\"_blank\" rel=\"noopener noreferrer\" href=\"https:\/\/www.youtube.com\/watch?v=X6RWkTkIqU8&#038;feature=youtu.be\" title=\"Simon-Pierre Hamelin\"><div class=\"tmm_photo tmm_pic_decamerone-2_7\" style=\"background: url(https:\/\/globale-literaturfestival.de\/wp-content\/uploads\/2020\/04\/1a005ddaa224f2719e74dc0644f5b46b.jpeg); margin-left: auto; margin-right:auto; background-size:cover !important;\"><\/div><\/a><div class=\"tmm_textblock\"><div class=\"tmm_names\"><span class=\"tmm_fname\">Simon-Pierre<\/span> <span class=\"tmm_lname\">Hamelin<\/span><\/div><div class=\"tmm_job\">Foto: Stephano Berca \/\/ Titel: 101, rue Condorcet, Clamart<\/div><div class=\"tmm_scblock\"><\/div><\/div><\/div><span class=\"tmm_two_containers_tablet\"><\/span><div class=\"tmm_member\" style=\"border-top:#ffffff solid 5px;\"><a target=\"_blank\" rel=\"noopener noreferrer\" href=\"https:\/\/youtu.be\/tD34yNt8L-g\" title=\"Dora  \u010cechova\"><div class=\"tmm_photo tmm_pic_decamerone-2_8\" style=\"background: url(https:\/\/globale-literaturfestival.de\/wp-content\/uploads\/2020\/04\/dora_cechova_spisovatelka_16.4.2012_bearb.jpg); margin-left: auto; margin-right:auto; background-size:cover !important;\"><\/div><\/a><div class=\"tmm_textblock\"><div class=\"tmm_names\"><span class=\"tmm_fname\">Dora <\/span> <span class=\"tmm_lname\">\u010cechova<\/span><\/div><div class=\"tmm_job\"> Foto: Jan Schejbal \/\/ Titel: Ich wollte kein Lenin werden<\/div><div class=\"tmm_scblock\"><\/div><\/div><\/div><\/div><span class=\"tmm_columns_containers_desktop\"><\/span><div class=\"tmm_container\"><div class=\"tmm_member\" style=\"border-top:#ffffff solid 5px;\"><a target=\"_blank\" rel=\"noopener noreferrer\" href=\"https:\/\/www.youtube.com\/watch?v=AMTO5DgYoas&#038;feature=youtu.be\" title=\"Hana  Rogulji\u010d\"><div class=\"tmm_photo tmm_pic_decamerone-2_9\" style=\"background: url(https:\/\/globale-literaturfestival.de\/wp-content\/uploads\/2020\/04\/c76647398c4c2550217a8fe27c87eef5.jpg); margin-left: auto; margin-right:auto; background-size:cover !important;\"><\/div><\/a><div class=\"tmm_textblock\"><div class=\"tmm_names\"><span class=\"tmm_fname\">Hana <\/span> <span class=\"tmm_lname\">Rogulji\u010d<\/span><\/div><div class=\"tmm_job\">Foto: David Kone\u010dn\u00fd \/\/ Titel: Norwegian Children<\/div><div class=\"tmm_scblock\"><\/div><\/div><\/div><span class=\"tmm_two_containers_tablet\"><\/span><div class=\"tmm_member\" style=\"border-top:#ffffff solid 5px;\"><a target=\"_blank\" rel=\"noopener noreferrer\" href=\"https:\/\/www.youtube.com\/watch?v=Ios_3KVFIh0&#038;feature=youtu.be\" title=\"Ananij  Kokurin\"><div class=\"tmm_photo tmm_pic_decamerone-2_10\" style=\"background: url(https:\/\/globale-literaturfestival.de\/wp-content\/uploads\/2020\/04\/Kokurin.jpg); margin-left: auto; margin-right:auto; background-size:cover !important;\"><\/div><\/a><div class=\"tmm_textblock\"><div class=\"tmm_names\"><span class=\"tmm_fname\">Ananij <\/span> <span class=\"tmm_lname\">Kokurin<\/span><\/div><div class=\"tmm_job\">Foto: Andrej Krementschouk \/\/ Titel: Tagebuchseiten<\/div><div class=\"tmm_scblock\"><\/div><\/div><\/div><div class=\"tmm_member\" style=\"border-top:#ffffff solid 5px;\"><a target=\"_blank\" rel=\"noopener noreferrer\" href=\"https:\/\/youtu.be\/I3saMSoYRFs\" title=\"Catalin Dorian  Florescu\"><div class=\"tmm_photo tmm_pic_decamerone-2_11\" style=\"background: url(https:\/\/globale-literaturfestival.de\/wp-content\/uploads\/2020\/04\/Catalin_Dorian_Florescu\u00a9zvg.jpg); margin-left: auto; margin-right:auto; background-size:cover !important;\"><\/div><\/a><div class=\"tmm_textblock\"><div class=\"tmm_names\"><span class=\"tmm_fname\">Catalin Dorian <\/span> <span class=\"tmm_lname\">Florescu<\/span><\/div><div class=\"tmm_job\">Foto: Sabine Rock \/\/ Titel: Enescu, das Paradies und ich<\/div><div class=\"tmm_scblock\"><\/div><\/div><\/div><div style=\"clear:both;\"><\/div><\/div><\/div><\/div><\/p>\n\t\t\t\t\t\t\t\t<\/div>\n\t\t\t\t<\/div>\n\t\t\t\t\t<\/div>\n\t\t<\/div>\n\t\t\t\t\t<\/div>\n\t\t<\/section>\n\t\t\t\t<section data-particle_enable=\"false\" data-particle-mobile-disabled=\"false\" class=\"elementor-section elementor-top-section elementor-element elementor-element-09ecec7 elementor-section-boxed elementor-section-height-default elementor-section-height-default\" data-id=\"09ecec7\" data-element_type=\"section\" data-e-type=\"section\" data-settings=\"{&quot;background_background&quot;:&quot;classic&quot;}\">\n\t\t\t\t\t\t<div class=\"elementor-container elementor-column-gap-default\">\n\t\t\t\t\t<div class=\"elementor-column elementor-col-100 elementor-top-column elementor-element elementor-element-74848a9\" data-id=\"74848a9\" data-element_type=\"column\" data-e-type=\"column\">\n\t\t\t<div class=\"elementor-widget-wrap elementor-element-populated\">\n\t\t\t\t\t\t<div class=\"elementor-element elementor-element-ce45fba elementor-widget elementor-widget-text-editor\" data-id=\"ce45fba\" data-element_type=\"widget\" data-e-type=\"widget\" data-widget_type=\"text-editor.default\">\n\t\t\t\t<div class=\"elementor-widget-container\">\n\t\t\t\t\t\t\t\t\t<p><div class=\"tmm tmm_decamerone-globale\"><div class=\"tmm_3_columns tmm_wrap tmm_plugin_f\"><span class=\"tmm_two_containers_tablet\"><\/span><div class=\"tmm_container\"><div class=\"tmm_member\" style=\"border-top:#ffffff solid 5px;\"><a target=\"_blank\" rel=\"noopener noreferrer\" href=\"https:\/\/youtu.be\/WQNvuV_ogyU\" title=\"Dora Kapr\u00e1lov\u00e1\"><div class=\"tmm_photo tmm_pic_decamerone-globale_0\" style=\"background: url(https:\/\/globale-literaturfestival.de\/wp-content\/uploads\/2020\/03\/dora_kapralova_byluisa_greenfield-_bearb.jpg); margin-left: auto; margin-right:auto; background-size:cover !important;\"><\/div><\/a><div class=\"tmm_textblock\"><div class=\"tmm_names\"><span class=\"tmm_fname\">Dora<\/span> <span class=\"tmm_lname\">Kapr\u00e1lov\u00e1<\/span><\/div><div class=\"tmm_job\">Foto: Privat   \/\/   Titel: Die Insel der begrenzten W\u00fcnsche<\/div><div class=\"tmm_scblock\"><\/div><\/div><\/div><div class=\"tmm_member\" style=\"border-top:#ffffff solid 5px;\"><a target=\"_blank\" rel=\"noopener noreferrer\" href=\"https:\/\/www.youtube.com\/watch?v=FUgcIaq5XGU&#038;feature=youtu.be\" title=\"Ale\u0161 \u0160teger\"><div class=\"tmm_photo tmm_pic_decamerone-globale_1\" style=\"background: url(http:\/\/globale-literaturfestival.de\/wp-content\/uploads\/2019\/10\/globale_2019_22_10_19_web-10.jpg); margin-left: auto; margin-right:auto; background-size:cover !important;\"><\/div><\/a><div class=\"tmm_textblock\"><div class=\"tmm_names\"><span class=\"tmm_fname\">Ale\u0161<\/span> <span class=\"tmm_lname\">\u0160teger<\/span><\/div><div class=\"tmm_job\">Foto: Matej Meza   \/\/\/    Drei Geschichten<\/div><div class=\"tmm_scblock\"><\/div><\/div><\/div><span class=\"tmm_two_containers_tablet\"><\/span><div class=\"tmm_member\" style=\"border-top:#ffffff solid 5px;\"><a target=\"_blank\" rel=\"noopener noreferrer\" href=\"https:\/\/www.youtube.com\/watch?v=Ss6acX07xFU&#038;feature=youtu.be\" title=\"J.H.  Krchovsk\u00fd\"><div class=\"tmm_photo tmm_pic_decamerone-globale_2\" style=\"background: url(https:\/\/globale-literaturfestival.de\/wp-content\/uploads\/2020\/03\/jhkrchovsky_privat.jpg); margin-left: auto; margin-right:auto; background-size:cover !important;\"><\/div><\/a><div class=\"tmm_textblock\"><div class=\"tmm_names\"><span class=\"tmm_fname\">J.H.<\/span> <span class=\"tmm_lname\"> Krchovsk\u00fd<\/span><\/div><div class=\"tmm_job\">Foto: Privat   \/\/   Titel: Die Nacht, als die V\u00f6gel nicht sangen<\/div><div class=\"tmm_scblock\"><\/div><\/div><\/div><\/div><span class=\"tmm_columns_containers_desktop\"><\/span><div class=\"tmm_container\"><div class=\"tmm_member\" style=\"border-top:#ffffff solid 5px;\"><a target=\"_blank\" rel=\"noopener noreferrer\" href=\"https:\/\/www.youtube.com\/watch?v=huif8AiQvgk&#038;feature=youtu.be\" title=\"Katharina Schmitt\"><div class=\"tmm_photo tmm_pic_decamerone-globale_3\" style=\"background: url(https:\/\/globale-literaturfestival.de\/wp-content\/uploads\/2020\/03\/4570_katharina-schmitt_pre.jpeg); margin-left: auto; margin-right:auto; background-size:cover !important;\"><\/div><\/a><div class=\"tmm_textblock\"><div class=\"tmm_names\"><span class=\"tmm_fname\">Katharina<\/span> <span class=\"tmm_lname\">Schmitt<\/span><\/div><div class=\"tmm_job\">Foto: Nicole Gr\u00e4ther   \/\/   Titel: SAM<\/div><div class=\"tmm_scblock\"><\/div><\/div><\/div><span class=\"tmm_two_containers_tablet\"><\/span><div class=\"tmm_member\" style=\"border-top:#ffffff solid 5px;\"><a target=\"_blank\" rel=\"noopener noreferrer\" href=\"http:\/\/globale-literaturfestival.de\/decamerone-brezna\/\" title=\"Irena  Bre\u017en\u00e1\"><div class=\"tmm_photo tmm_pic_decamerone-globale_4\" style=\"background: url(http:\/\/globale-literaturfestival.de\/wp-content\/uploads\/2019\/11\/Irena_Brezna@globale_2019_web-16.jpg); margin-left: auto; margin-right:auto; background-size:cover !important;\"><\/div><\/a><div class=\"tmm_textblock\"><div class=\"tmm_names\"><span class=\"tmm_fname\">Irena <\/span> <span class=\"tmm_lname\">Bre\u017en\u00e1<\/span><\/div><div class=\"tmm_job\">Foto: Matej Meza    \/\/    Titel: Meine kranke Partnerin<\/div><div class=\"tmm_scblock\"><\/div><\/div><\/div><div class=\"tmm_member\" style=\"border-top:#ffffff solid 5px;\"><a target=\"_blank\" rel=\"noopener noreferrer\" href=\"http:\/\/globale-literaturfestival.de\/decamerone-globale-2\/\" title=\"Michail  Schischkin\"><div class=\"tmm_photo tmm_pic_decamerone-globale_5\" style=\"background: url(http:\/\/globale-literaturfestival.de\/wp-content\/uploads\/2020\/03\/Schischkin-Matej.jpg); margin-left: auto; margin-right:auto; background-size:cover !important;\"><\/div><\/a><div class=\"tmm_textblock\"><div class=\"tmm_names\"><span class=\"tmm_fname\">Michail <\/span> <span class=\"tmm_lname\">Schischkin<\/span><\/div><div class=\"tmm_job\">Foto: Matej Meza    \/\/   Titel: Das Schiff aus wei\u00dfem Marmor<\/div><div class=\"tmm_scblock\"><\/div><\/div><\/div><span class=\"tmm_two_containers_tablet\"><\/span><\/div><span class=\"tmm_columns_containers_desktop\"><\/span><div class=\"tmm_container\"><div class=\"tmm_member\" style=\"border-top:#ffffff solid 5px;\"><a target=\"_blank\" rel=\"noopener noreferrer\" href=\"http:\/\/globale-literaturfestival.de\/decamerone-becker\/\" title=\"Artur  Becker \"><div class=\"tmm_photo tmm_pic_decamerone-globale_6\" style=\"background: url(http:\/\/globale-literaturfestival.de\/wp-content\/uploads\/2020\/03\/Art-B-Venedig-2010.jpg); margin-left: auto; margin-right:auto; background-size:cover !important;\"><\/div><\/a><div class=\"tmm_textblock\"><div class=\"tmm_names\"><span class=\"tmm_fname\">Artur <\/span> <span class=\"tmm_lname\">Becker <\/span><\/div><div class=\"tmm_job\">Foto: Petra Sch\u00e4fer    \/\/    Titel: God\u2019s Window in den Drachenbergen  <\/div><div class=\"tmm_scblock\"><\/div><\/div><\/div><div class=\"tmm_member\" style=\"border-top:#ffffff solid 5px;\"><a target=\"_blank\" rel=\"noopener noreferrer\" href=\"https:\/\/www.youtube.com\/watch?v=Cf2KhXCEXPc&#038;feature=youtu.be\" title=\"Habib  Tengour\"><div class=\"tmm_photo tmm_pic_decamerone-globale_7\" style=\"background: url(https:\/\/globale-literaturfestival.de\/wp-content\/uploads\/2020\/03\/image_large.jpg); margin-left: auto; margin-right:auto; background-size:cover !important;\"><\/div><\/a><div class=\"tmm_textblock\"><div class=\"tmm_names\"><span class=\"tmm_fname\">Habib <\/span> <span class=\"tmm_lname\">Tengour<\/span><\/div><div class=\"tmm_job\">Foto: Verlag Hans Schile   \/\/    Titel: Abyme de l\u2019origine<\/div><div class=\"tmm_scblock\"><\/div><\/div><\/div><span class=\"tmm_two_containers_tablet\"><\/span><div class=\"tmm_member\" style=\"border-top:#ffffff solid 5px;\"><a target=\"_blank\" rel=\"noopener noreferrer\" href=\"https:\/\/youtu.be\/An_mMgUU7wE\" title=\"Ron  Segal\"><div class=\"tmm_photo tmm_pic_decamerone-globale_8\" style=\"background: url(https:\/\/globale-literaturfestival.de\/wp-content\/uploads\/2020\/03\/IMG_7915_copy.jpg); margin-left: auto; margin-right:auto; background-size:cover !important;\"><\/div><\/a><div class=\"tmm_textblock\"><div class=\"tmm_names\"><span class=\"tmm_fname\">Ron <\/span> <span class=\"tmm_lname\">Segal<\/span><\/div><div class=\"tmm_job\">Foto: Pavel Bolo    \/\/    Titel: Die Wildgans<\/div><div class=\"tmm_scblock\"><\/div><\/div><\/div><\/div><span class=\"tmm_columns_containers_desktop\"><\/span><div class=\"tmm_container\"><div class=\"tmm_member\" style=\"border-top:#ffffff solid 5px;\"><a target=\"_blank\" rel=\"noopener noreferrer\" href=\"https:\/\/www.youtube.com\/watch?v=7O-4g7K17sw&#038;feature=youtu.be\" title=\"Michael Stavari\u010d\"><div class=\"tmm_photo tmm_pic_decamerone-globale_9\" style=\"background: url(https:\/\/globale-literaturfestival.de\/wp-content\/uploads\/2017\/11\/IMG_6309.jpg); margin-left: auto; margin-right:auto; background-size:cover !important;\"><\/div><\/a><div class=\"tmm_textblock\"><div class=\"tmm_names\"><span class=\"tmm_fname\">Michael<\/span> <span class=\"tmm_lname\">Stavari\u010d<\/span><\/div><div class=\"tmm_job\">Foto: York Sander    \/\/   Titel: Fremdes Licht<\/div><div class=\"tmm_scblock\"><\/div><\/div><\/div><span class=\"tmm_two_containers_tablet\"><\/span><div class=\"tmm_member\" style=\"border-top:#ffffff solid 5px;\"><a target=\"_blank\" rel=\"noopener noreferrer\" href=\"http:\/\/globale-literaturfestival.de\/decamerone-dumont\/\" title=\"Rena Dumont\"><div class=\"tmm_photo tmm_pic_decamerone-globale_10\" style=\"background: url(https:\/\/globale-literaturfestival.de\/wp-content\/uploads\/2020\/03\/1406298.entity.4_3.jpg); margin-left: auto; margin-right:auto; background-size:cover !important;\"><\/div><\/a><div class=\"tmm_textblock\"><div class=\"tmm_names\"><span class=\"tmm_fname\">Rena<\/span> <span class=\"tmm_lname\">Dumont<\/span><\/div><div class=\"tmm_job\">Foto: Privat \/\/ Titel: Der fliegende Pharao<\/div><div class=\"tmm_scblock\"><\/div><\/div><\/div><div class=\"tmm_member\" style=\"border-top:#ffffff solid 5px;\"><a target=\"_blank\" rel=\"noopener noreferrer\" href=\"https:\/\/www.youtube.com\/watch?v=sG4Shs3n8BU&#038;feature=youtu.be\" title=\"Marek Toman\"><div class=\"tmm_photo tmm_pic_decamerone-globale_11\" style=\"background: url(http:\/\/globale-literaturfestival.de\/wp-content\/uploads\/2019\/11\/Marek_Toman@globale_2019_web-4.jpg); margin-left: auto; margin-right:auto; background-size:cover !important;\"><\/div><\/a><div class=\"tmm_textblock\"><div class=\"tmm_names\"><span class=\"tmm_fname\">Marek<\/span> <span class=\"tmm_lname\">Toman<\/span><\/div><div class=\"tmm_job\">Foto: Matej Meza <\/div><div class=\"tmm_scblock\"><\/div><\/div><\/div><div style=\"clear:both;\"><\/div><\/div><\/div><\/div><\/p>\n\t\t\t\t\t\t\t\t<\/div>\n\t\t\t\t<\/div>\n\t\t\t\t\t<\/div>\n\t\t<\/div>\n\t\t\t\t\t<\/div>\n\t\t<\/section>\n\t\t\t\t<section data-particle_enable=\"false\" data-particle-mobile-disabled=\"false\" class=\"elementor-section elementor-top-section elementor-element elementor-element-47e0cf61 elementor-section-full_width elementor-section-height-default elementor-section-height-default\" data-id=\"47e0cf61\" data-element_type=\"section\" data-e-type=\"section\" data-settings=\"{&quot;background_background&quot;:&quot;classic&quot;}\">\n\t\t\t\t\t\t<div class=\"elementor-container elementor-column-gap-no\">\n\t\t\t\t\t<div class=\"elementor-column elementor-col-25 elementor-top-column elementor-element elementor-element-320a505\" data-id=\"320a505\" data-element_type=\"column\" data-e-type=\"column\">\n\t\t\t<div class=\"elementor-widget-wrap\">\n\t\t\t\t\t\t\t<\/div>\n\t\t<\/div>\n\t\t\t\t<div class=\"elementor-column elementor-col-25 elementor-top-column elementor-element elementor-element-6629597e\" data-id=\"6629597e\" data-element_type=\"column\" data-e-type=\"column\">\n\t\t\t<div class=\"elementor-widget-wrap elementor-element-populated\">\n\t\t\t\t\t\t<div class=\"elementor-element elementor-element-60caa6b2 elementor-view-default elementor-widget elementor-widget-icon\" data-id=\"60caa6b2\" data-element_type=\"widget\" data-e-type=\"widget\" data-widget_type=\"icon.default\">\n\t\t\t\t<div class=\"elementor-widget-container\">\n\t\t\t\t\t\t\t<div class=\"elementor-icon-wrapper\">\n\t\t\t<div class=\"elementor-icon\">\n\t\t\t<i aria-hidden=\"true\" class=\"fas fa-search\"><\/i>\t\t\t<\/div>\n\t\t<\/div>\n\t\t\t\t\t\t<\/div>\n\t\t\t\t<\/div>\n\t\t\t\t\t<\/div>\n\t\t<\/div>\n\t\t\t\t<div class=\"elementor-column elementor-col-25 elementor-top-column elementor-element elementor-element-47d3cd9e\" data-id=\"47d3cd9e\" data-element_type=\"column\" data-e-type=\"column\">\n\t\t\t<div class=\"elementor-widget-wrap elementor-element-populated\">\n\t\t\t\t\t\t<div class=\"elementor-element elementor-element-6e82252f elementor-widget elementor-widget-wp-widget-search\" data-id=\"6e82252f\" data-element_type=\"widget\" data-e-type=\"widget\" data-widget_type=\"wp-widget-search.default\">\n\t\t\t\t<div class=\"elementor-widget-container\">\n\t\t\t\t\t\n<form aria-label=\"Search this website\" role=\"search\" method=\"get\" class=\"searchform\" action=\"https:\/\/globale-literaturfestival.de\/en\/\">\t\n\t<input aria-label=\"Insert search query\" type=\"search\" id=\"ocean-search-form-1\" class=\"field\" autocomplete=\"off\" placeholder=\"Search\" name=\"s\">\n\t\t<input type='hidden' name='lang' value='en' \/><\/form>\n\t\t\t\t<\/div>\n\t\t\t\t<\/div>\n\t\t\t\t\t<\/div>\n\t\t<\/div>\n\t\t\t\t<div class=\"elementor-column elementor-col-25 elementor-top-column elementor-element elementor-element-1b111f43\" data-id=\"1b111f43\" data-element_type=\"column\" data-e-type=\"column\">\n\t\t\t<div class=\"elementor-widget-wrap\">\n\t\t\t\t\t\t\t<\/div>\n\t\t<\/div>\n\t\t\t\t\t<\/div>\n\t\t<\/section>\n\t\t\t\t<\/div>\n\t\t","protected":false},"excerpt":{"rendered":"<p>Decamerone globale\u00b0 \u00a9 photographer In times of isolation, literature offers a place of inspiration and medium of cross-border communication. However, many authors find themselves in a precarious financial situation: new [&hellip;]<\/p>\n","protected":false},"author":9,"featured_media":0,"parent":0,"menu_order":0,"comment_status":"closed","ping_status":"closed","template":"","meta":{"ocean_post_layout":"full-screen","ocean_both_sidebars_style":"","ocean_both_sidebars_content_width":0,"ocean_both_sidebars_sidebars_width":0,"ocean_sidebar":"0","ocean_second_sidebar":"0","ocean_disable_margins":"enable","ocean_add_body_class":"","ocean_shortcode_before_top_bar":"","ocean_shortcode_after_top_bar":"","ocean_shortcode_before_header":"","ocean_shortcode_after_header":"","ocean_has_shortcode":"","ocean_shortcode_after_title":"","ocean_shortcode_before_footer_widgets":"","ocean_shortcode_after_footer_widgets":"","ocean_shortcode_before_footer_bottom":"","ocean_shortcode_after_footer_bottom":"","ocean_display_top_bar":"off","ocean_display_header":"default","ocean_header_style":"","ocean_center_header_left_menu":"0","ocean_custom_header_template":"0","ocean_custom_logo":0,"ocean_custom_retina_logo":0,"ocean_custom_logo_max_width":0,"ocean_custom_logo_tablet_max_width":0,"ocean_custom_logo_mobile_max_width":0,"ocean_custom_logo_max_height":0,"ocean_custom_logo_tablet_max_height":0,"ocean_custom_logo_mobile_max_height":0,"ocean_header_custom_menu":"0","ocean_menu_typo_font_family":"0","ocean_menu_typo_font_subset":"","ocean_menu_typo_font_size":0,"ocean_menu_typo_font_size_tablet":0,"ocean_menu_typo_font_size_mobile":0,"ocean_menu_typo_font_size_unit":"px","ocean_menu_typo_font_weight":"","ocean_menu_typo_font_weight_tablet":"","ocean_menu_typo_font_weight_mobile":"","ocean_menu_typo_transform":"","ocean_menu_typo_transform_tablet":"","ocean_menu_typo_transform_mobile":"","ocean_menu_typo_line_height":0,"ocean_menu_typo_line_height_tablet":0,"ocean_menu_typo_line_height_mobile":0,"ocean_menu_typo_line_height_unit":"","ocean_menu_typo_spacing":0,"ocean_menu_typo_spacing_tablet":0,"ocean_menu_typo_spacing_mobile":0,"ocean_menu_typo_spacing_unit":"","ocean_menu_link_color":"","ocean_menu_link_color_hover":"","ocean_menu_link_color_active":"","ocean_menu_link_background":"","ocean_menu_link_hover_background":"","ocean_menu_link_active_background":"","ocean_menu_social_links_bg":"","ocean_menu_social_hover_links_bg":"","ocean_menu_social_links_color":"","ocean_menu_social_hover_links_color":"","ocean_disable_title":"on","ocean_disable_heading":"default","ocean_post_title":"","ocean_post_subheading":"","ocean_post_title_style":"","ocean_post_title_background_color":"","ocean_post_title_background":0,"ocean_post_title_bg_image_position":"","ocean_post_title_bg_image_attachment":"","ocean_post_title_bg_image_repeat":"","ocean_post_title_bg_image_size":"","ocean_post_title_height":0,"ocean_post_title_bg_overlay":0.5,"ocean_post_title_bg_overlay_color":"","ocean_disable_breadcrumbs":"default","ocean_breadcrumbs_color":"","ocean_breadcrumbs_separator_color":"","ocean_breadcrumbs_links_color":"","ocean_breadcrumbs_links_hover_color":"","ocean_display_footer_widgets":"default","ocean_display_footer_bottom":"default","ocean_custom_footer_template":"0","footnotes":"","_links_to":"","_links_to_target":""},"class_list":["post-18111","page","type-page","status-publish","hentry","entry"],"_links":{"self":[{"href":"https:\/\/globale-literaturfestival.de\/en\/wp-json\/wp\/v2\/pages\/18111","targetHints":{"allow":["GET"]}}],"collection":[{"href":"https:\/\/globale-literaturfestival.de\/en\/wp-json\/wp\/v2\/pages"}],"about":[{"href":"https:\/\/globale-literaturfestival.de\/en\/wp-json\/wp\/v2\/types\/page"}],"author":[{"embeddable":true,"href":"https:\/\/globale-literaturfestival.de\/en\/wp-json\/wp\/v2\/users\/9"}],"replies":[{"embeddable":true,"href":"https:\/\/globale-literaturfestival.de\/en\/wp-json\/wp\/v2\/comments?post=18111"}],"version-history":[{"count":0,"href":"https:\/\/globale-literaturfestival.de\/en\/wp-json\/wp\/v2\/pages\/18111\/revisions"}],"wp:attachment":[{"href":"https:\/\/globale-literaturfestival.de\/en\/wp-json\/wp\/v2\/media?parent=18111"}],"curies":[{"name":"wp","href":"https:\/\/api.w.org\/{rel}","templated":true}]}}